{"id":12563,"date":"2025-06-29T20:12:51","date_gmt":"2025-06-29T18:12:51","guid":{"rendered":"https:\/\/cellercornudella.cat\/vinos\/castell-de-siurana\/"},"modified":"2025-06-29T20:24:53","modified_gmt":"2025-06-29T18:24:53","slug":"castell-de-siurana","status":"publish","type":"page","link":"https:\/\/cellercornudella.cat\/es\/vinos\/castell-de-siurana\/","title":{"rendered":"Castell de Siurana"},"content":{"rendered":"<p>[et_pb_section fb_built=\u00bb1&#8243; specialty=\u00bbon\u00bb _builder_version=\u00bb4.22.1&#8243; _module_preset=\u00bbdefault\u00bb width=\u00bb100%\u00bb max_width=\u00bb100%\u00bb module_alignment=\u00bbcenter\u00bb inner_width=\u00bb100%\u00bb inner_max_width=\u00bb80%\u00bb global_colors_info=\u00bb{}\u00bb][et_pb_column type=\u00bb1_2&#8243; _builder_version=\u00bb4.16&#8243; custom_padding=\u00bb|||\u00bb global_colors_info=\u00bb{}\u00bb custom_padding__hover=\u00bb|||\u00bb][et_pb_image src=\u00bbhttps:\/\/cellercornudella.cat\/wp-content\/uploads\/2025\/06\/castell_de_siurana_agermanat_2.jpg\u00bb title_text=\u00bbCastell de Siurana\u00bb align=\u00bbcenter\u00bb _builder_version=\u00bb4.27.4&#8243; _module_preset=\u00bbdefault\u00bb width=\u00bb100%\u00bb max_height=\u00bb700px\u00bb global_colors_info=\u00bb{}\u00bb][\/et_pb_image][\/et_pb_column][et_pb_column type=\u00bb1_2&#8243; specialty_columns=\u00bb2&#8243; _builder_version=\u00bb4.16&#8243; custom_padding=\u00bb|||\u00bb global_colors_info=\u00bb{}\u00bb custom_padding__hover=\u00bb|||\u00bb][et_pb_row_inner _builder_version=\u00bb4.22.1&#8243; _module_preset=\u00bbdefault\u00bb global_colors_info=\u00bb{}\u00bb][et_pb_column_inner saved_specialty_column_type=\u00bb1_2&#8243; _builder_version=\u00bb4.22.1&#8243; _module_preset=\u00bbdefault\u00bb global_colors_info=\u00bb{}\u00bb][et_pb_post_title meta=\u00bboff\u00bb featured_image=\u00bboff\u00bb _builder_version=\u00bb4.27.4&#8243; _module_preset=\u00bbdefault\u00bb title_font=\u00bbAlata|700||on|||||\u00bb title_text_align=\u00bbleft\u00bb title_font_size=\u00bb32px\u00bb title_letter_spacing=\u00bb2px\u00bb custom_margin=\u00bb||5px||false|false\u00bb global_colors_info=\u00bb{}\u00bb][\/et_pb_post_title][\/et_pb_column_inner][\/et_pb_row_inner][et_pb_row_inner column_structure=\u00bb1_3,1_3,1_3&#8243; _builder_version=\u00bb4.22.1&#8243; _module_preset=\u00bbdefault\u00bb custom_padding=\u00bb0px||42px||false|false\u00bb global_colors_info=\u00bb{}\u00bb][et_pb_column_inner type=\u00bb1_3&#8243; saved_specialty_column_type=\u00bb1_2&#8243; _builder_version=\u00bb4.22.1&#8243; _module_preset=\u00bbdefault\u00bb global_colors_info=\u00bb{}\u00bb][et_pb_blurb title=\u00bbCosecha\u00bb image=\u00bbhttps:\/\/cellercornudella.cat\/wp-content\/uploads\/2023\/09\/collita.png\u00bb image_icon_width=\u00bb64px\u00bb admin_label=\u00bbcollita\u00bb _builder_version=\u00bb4.27.4&#8243; _module_preset=\u00bbdefault\u00bb header_font=\u00bbAlata||||||||\u00bb header_text_align=\u00bbcenter\u00bb header_font_size=\u00bb22px\u00bb body_text_align=\u00bbcenter\u00bb global_colors_info=\u00bb{}\u00bb]<\/p>\n<p>2022<\/p>\n<p>[\/et_pb_blurb][\/et_pb_column_inner][et_pb_column_inner type=\u00bb1_3&#8243; saved_specialty_column_type=\u00bb1_2&#8243; _builder_version=\u00bb4.22.1&#8243; _module_preset=\u00bbdefault\u00bb global_colors_info=\u00bb{}\u00bb][et_pb_blurb title=\u00bbVariedades\u00bb image=\u00bbhttps:\/\/cellercornudella.cat\/wp-content\/uploads\/2023\/09\/varietats.png\u00bb image_icon_width=\u00bb64px\u00bb admin_label=\u00bbvarietats\u00bb _builder_version=\u00bb4.27.4&#8243; _module_preset=\u00bbdefault\u00bb header_font=\u00bbAlata||||||||\u00bb header_text_align=\u00bbcenter\u00bb header_font_size=\u00bb22px\u00bb body_text_align=\u00bbcenter\u00bb global_colors_info=\u00bb{}\u00bb]<\/p>\n<p style=\"text-align: center;\">66% garnacha tinta<br \/> 34% cari\u00f1ena<\/p>\n<p>[\/et_pb_blurb][\/et_pb_column_inner][et_pb_column_inner type=\u00bb1_3&#8243; saved_specialty_column_type=\u00bb1_2&#8243; _builder_version=\u00bb4.22.1&#8243; _module_preset=\u00bbdefault\u00bb global_colors_info=\u00bb{}\u00bb][et_pb_blurb title=\u00bbVi\u00f1edos\u00bb image=\u00bbhttps:\/\/cellercornudella.cat\/wp-content\/uploads\/2023\/09\/vinya.png\u00bb image_icon_width=\u00bb64px\u00bb admin_label=\u00bbvinyes\u00bb _builder_version=\u00bb4.25.1&#8243; _module_preset=\u00bbdefault\u00bb header_font=\u00bbAlata||||||||\u00bb header_text_align=\u00bbcenter\u00bb header_font_size=\u00bb22px\u00bb body_text_align=\u00bbcenter\u00bb global_colors_info=\u00bb{}\u00bb]<\/p>\n<p style=\"text-align: center;\">Vi\u00f1edos plantados en vaso<br \/> 40 \u2013 75 a\u00f1os<\/p>\n<p>[\/et_pb_blurb][\/et_pb_column_inner][\/et_pb_row_inner][et_pb_row_inner column_structure=\u00bb1_3,1_3,1_3&#8243; _builder_version=\u00bb4.22.1&#8243; _module_preset=\u00bbdefault\u00bb custom_padding=\u00bb0px||30px||false|false\u00bb global_colors_info=\u00bb{}\u00bb][et_pb_column_inner type=\u00bb1_3&#8243; saved_specialty_column_type=\u00bb1_2&#8243; _builder_version=\u00bb4.22.1&#8243; _module_preset=\u00bbdefault\u00bb global_colors_info=\u00bb{}\u00bb][et_pb_blurb title=\u00bbEnvejecimiento\u00bb image=\u00bbhttps:\/\/cellercornudella.cat\/wp-content\/uploads\/2023\/09\/vinificacio.png\u00bb image_icon_width=\u00bb64px\u00bb admin_label=\u00bbcrian\u00e7a\u00bb _builder_version=\u00bb4.27.4&#8243; _module_preset=\u00bbdefault\u00bb header_font=\u00bbAlata||||||||\u00bb header_text_align=\u00bbcenter\u00bb header_font_size=\u00bb22px\u00bb body_text_align=\u00bbcenter\u00bb global_colors_info=\u00bb{}\u00bb]<\/p>\n<p>12 meses en barrica de roble franc\u00e9s<\/p>\n<p>[\/et_pb_blurb][\/et_pb_column_inner][et_pb_column_inner type=\u00bb1_3&#8243; saved_specialty_column_type=\u00bb1_2&#8243; _builder_version=\u00bb4.22.1&#8243; _module_preset=\u00bbdefault\u00bb global_colors_info=\u00bb{}\u00bb][et_pb_blurb title=\u00bbT\u00ba de servicio\u00bb image=\u00bbhttps:\/\/cellercornudella.cat\/wp-content\/uploads\/2023\/09\/temperatura.png\u00bb image_icon_width=\u00bb64px\u00bb admin_label=\u00bbtemperatura\u00bb _builder_version=\u00bb4.22.1&#8243; _module_preset=\u00bbdefault\u00bb header_font=\u00bbAlata||||||||\u00bb header_text_align=\u00bbcenter\u00bb header_font_size=\u00bb22px\u00bb body_text_align=\u00bbcenter\u00bb global_colors_info=\u00bb{}\u00bb]<\/p>\n<p><span>16 \u00b0C<\/span><\/p>\n<p>[\/et_pb_blurb][\/et_pb_column_inner][et_pb_column_inner type=\u00bb1_3&#8243; saved_specialty_column_type=\u00bb1_2&#8243; _builder_version=\u00bb4.22.1&#8243; _module_preset=\u00bbdefault\u00bb global_colors_info=\u00bb{}\u00bb][et_pb_blurb title=\u00bbMaridaje\u00bb image=\u00bbhttps:\/\/cellercornudella.cat\/wp-content\/uploads\/2023\/09\/maridatge.png\u00bb image_icon_width=\u00bb64px\u00bb admin_label=\u00bbmaridatge\u00bb _builder_version=\u00bb4.27.4&#8243; _module_preset=\u00bbdefault\u00bb header_font=\u00bbAlata||||||||\u00bb header_text_align=\u00bbcenter\u00bb header_font_size=\u00bb22px\u00bb body_text_align=\u00bbcenter\u00bb global_colors_info=\u00bb{}\u00bb]<\/p>\n<p>Guisos mediterr\u00e1neos, caza, carnes a la brasa&#8230;<\/p>\n<p>[\/et_pb_blurb][\/et_pb_column_inner][\/et_pb_row_inner][et_pb_row_inner _builder_version=\u00bb4.22.1&#8243; _module_preset=\u00bbdefault\u00bb custom_padding=\u00bb0px|||||\u00bb global_colors_info=\u00bb{}\u00bb][et_pb_column_inner saved_specialty_column_type=\u00bb1_2&#8243; _builder_version=\u00bb4.22.1&#8243; _module_preset=\u00bbdefault\u00bb global_colors_info=\u00bb{}\u00bb][et_pb_text _builder_version=\u00bb4.27.4&#8243; _module_preset=\u00bbdefault\u00bb text_text_color=\u00bb#000000&#8243; header_3_font=\u00bbAlata|700|||||||\u00bb header_3_line_height=\u00bb-2.4em\u00bb global_colors_info=\u00bb{}\u00bb]<\/p>\n<h3>Nota de cata<\/h3>\n<hr>\n<p class=\"cvGsUA direction-ltr align-start para-style-body\"><span class=\"OYPEnA font-feature-liga-off font-feature-clig-off font-feature-calt-off text-decoration-none text-strikethrough-none\">Vista:<\/span> <span class=\"OYPEnA font-feature-liga-off font-feature-clig-off font-feature-calt-off text-decoration-none text-strikethrough-none\">En la copa presenta un color rojo picota con reflejos rub\u00ed, brillante y vivo, que transmite frescura a pesar de su envejecimiento en bota.<\/span><\/p>\n<p class=\"cvGsUA direction-ltr align-start para-style-body\"><span class=\"OYPEnA font-feature-liga-off font-feature-clig-off font-feature-calt-off text-decoration-none text-strikethrough-none\">Nariz:<\/span> <span class=\"OYPEnA font-feature-liga-off font-feature-clig-off font-feature-calt-off text-decoration-none text-strikethrough-none\">En nariz es intenso y profundo, con una combinaci\u00f3n de fruta roja y negra madura, aromas de fresita de bosque y de confituras, acompa\u00f1adas por notas bals\u00e1micas y florales.<\/span> <span class=\"OYPEnA font-feature-liga-off font-feature-clig-off font-feature-calt-off text-decoration-none text-strikethrough-none\">La madera est\u00e1 presente, con matices torrefactos y especiados, pero sin predominar sobre la fruta, sino complement\u00e1ndola con elegancia.<\/span><\/p>\n<p class=\"cvGsUA direction-ltr align-start para-style-body\"><span class=\"OYPEnA font-feature-liga-off font-feature-clig-off font-feature-calt-off text-decoration-none text-strikethrough-none\">Boca:<\/span> <span class=\"OYPEnA font-feature-liga-off font-feature-clig-off font-feature-calt-off text-decoration-none text-strikethrough-none\">En boca se muestra vivo y fresco, con una acidez equilibrada que le da energ\u00eda y profundidad.<\/span> <span class=\"OYPEnA font-feature-liga-off font-feature-clig-off font-feature-calt-off text-decoration-none text-strikethrough-none\">Es estructurado y untuoso, con un final persistente y armonioso que mantiene el recuerdo de los aromas frutales y tostados.<\/span><\/p>\n<p>[\/et_pb_text][et_pb_button button_url=\u00bbhttps:\/\/cellercornudella.cat\/es\/producte\/seleccion-de-costers-2019-copia\/\u00bb button_text=\u00bbCOMPRAR EN LA TIENDA\u00bb button_alignment=\u00bbcenter\u00bb _builder_version=\u00bb4.27.4&#8243; custom_button=\u00bbon\u00bb button_text_size=\u00bb24px\u00bb button_text_color=\u00bb#000000&#8243; button_bg_color=\u00bb#FFFFFF\u00bb button_border_width=\u00bb2px\u00bb button_border_color=\u00bb#000000&#8243; button_border_radius=\u00bb15px\u00bb button_font=\u00bbAlata|700|||||||\u00bb button_icon=\u00bb&#x3d;||divi||400&#8243; global_colors_info=\u00bb{}\u00bb button_border_width__hover_enabled=\u00bbon|hover\u00bb button_border_width__hover=\u00bb3px\u00bb][\/et_pb_button][\/et_pb_column_inner][\/et_pb_row_inner][\/et_pb_column][\/et_pb_section]<\/p>\n","protected":false},"excerpt":{"rendered":"<p>202266% garnacha tinta 34% cari\u00f1enaVi\u00f1edos plantados en vaso 40 \u2013 75 a\u00f1os12 meses en barrica de roble franc\u00e9s16 \u00b0CGuisos mediterr\u00e1neos, caza, carnes a la brasa&#8230;Nota de cata Vista: En la copa presenta un color rojo picota con reflejos rub\u00ed, brillante y vivo, que transmite frescura a pesar de su envejecimiento en bota. Nariz: En nariz [&hellip;]<\/p>\n","protected":false},"author":18,"featured_media":0,"parent":3294,"menu_order":0,"comment_status":"closed","ping_status":"closed","template":"","meta":{"_acf_changed":false,"_et_pb_use_builder":"on","_et_pb_old_content":"","_et_gb_content_width":"","footnotes":""},"class_list":["post-12563","page","type-page","status-publish","hentry"],"acf":[],"_links":{"self":[{"href":"https:\/\/cellercornudella.cat\/es\/wp-json\/wp\/v2\/pages\/12563","targetHints":{"allow":["GET"]}}],"collection":[{"href":"https:\/\/cellercornudella.cat\/es\/wp-json\/wp\/v2\/pages"}],"about":[{"href":"https:\/\/cellercornudella.cat\/es\/wp-json\/wp\/v2\/types\/page"}],"author":[{"embeddable":true,"href":"https:\/\/cellercornudella.cat\/es\/wp-json\/wp\/v2\/users\/18"}],"replies":[{"embeddable":true,"href":"https:\/\/cellercornudella.cat\/es\/wp-json\/wp\/v2\/comments?post=12563"}],"version-history":[{"count":3,"href":"https:\/\/cellercornudella.cat\/es\/wp-json\/wp\/v2\/pages\/12563\/revisions"}],"predecessor-version":[{"id":12574,"href":"https:\/\/cellercornudella.cat\/es\/wp-json\/wp\/v2\/pages\/12563\/revisions\/12574"}],"up":[{"embeddable":true,"href":"https:\/\/cellercornudella.cat\/es\/wp-json\/wp\/v2\/pages\/3294"}],"wp:attachment":[{"href":"https:\/\/cellercornudella.cat\/es\/wp-json\/wp\/v2\/media?parent=12563"}],"curies":[{"name":"wp","href":"https:\/\/api.w.org\/{rel}","templated":true}]}}