{"id":3337,"date":"2023-09-14T23:49:11","date_gmt":"2023-09-14T21:49:11","guid":{"rendered":"https:\/\/cellercornudella.cat\/enoturismo\/desayuno-de-payes-entre-vinedos\/"},"modified":"2024-07-09T14:48:27","modified_gmt":"2024-07-09T12:48:27","slug":"desayuno-de-payes-entre-vinedos","status":"publish","type":"page","link":"https:\/\/cellercornudella.cat\/es\/enoturismo\/desayuno-de-payes-entre-vinedos\/","title":{"rendered":"Desayuno de pay\u00e9s entre vi\u00f1edos"},"content":{"rendered":"<p>[et_pb_section fb_built=\u00bb1&#8243; _builder_version=\u00bb4.16&#8243; custom_padding=\u00bb60px|||||\u00bb global_colors_info=\u00bb{}\u00bb][et_pb_row column_structure=\u00bb1_2,1_2&#8243; _builder_version=\u00bb4.22.1&#8243; _module_preset=\u00bbdefault\u00bb width=\u00bb100%\u00bb max_width=\u00bb80%\u00bb global_colors_info=\u00bb{}\u00bb][et_pb_column type=\u00bb1_2&#8243; _builder_version=\u00bb4.22.1&#8243; _module_preset=\u00bbdefault\u00bb global_colors_info=\u00bb{}\u00bb][et_pb_text _builder_version=\u00bb4.16&#8243; background_size=\u00bbinitial\u00bb background_position=\u00bbtop_left\u00bb background_repeat=\u00bbrepeat\u00bb global_colors_info=\u00bb{}\u00bb]<\/p>\n<p><a href=\"https:\/\/cellercornudella.cat\/wp-content\/uploads\/2023\/09\/esmorzar_vinya_3.jpg\"><img loading=\"lazy\" decoding=\"async\" class=\"wp-image-2518 alignnone size-full\" src=\"https:\/\/cellercornudella.cat\/wp-content\/uploads\/2023\/09\/esmorzar_vinya_3.jpg\" alt=\"\" width=\"1200\" height=\"800\"><\/a><\/p>\n<p>[\/et_pb_text][\/et_pb_column][et_pb_column type=\u00bb1_2&#8243; _builder_version=\u00bb4.22.1&#8243; _module_preset=\u00bbdefault\u00bb global_colors_info=\u00bb{}\u00bb][et_pb_post_title meta=\u00bboff\u00bb featured_image=\u00bboff\u00bb _builder_version=\u00bb4.22.1&#8243; _module_preset=\u00bbdefault\u00bb title_font=\u00bbAlata|700||on|||||\u00bb title_text_align=\u00bbleft\u00bb title_font_size=\u00bb32px\u00bb title_letter_spacing=\u00bb2px\u00bb custom_margin=\u00bb||5px||false|false\u00bb global_colors_info=\u00bb{}\u00bb][\/et_pb_post_title][et_pb_text _builder_version=\u00bb4.23.1&#8243; text_font_size=\u00bb16px\u00bb text_line_height=\u00bb2em\u00bb background_size=\u00bbinitial\u00bb background_position=\u00bbtop_left\u00bb background_repeat=\u00bbrepeat\u00bb global_colors_info=\u00bb{}\u00bb]<\/p>\n<p>\u00a1Desayuno con vistas al Montsant es todo un lujo, pero si adem\u00e1s, es un desayuno con vistas y entre vi\u00f1edos, es a\u00fan mejor!<\/p>\n<p>Durante cualquier d\u00eda de la semana podr\u00e1 disfrutar de un desayuno de pay\u00e9s con productos de proximidad y km 0 acompa\u00f1ados de diferentes vinos de la Bodega Cooperativa de Cornudella, una bodega modernista que en 2019 inici\u00f3 la conmemoraci\u00f3n su centenario.<\/p>\n<p>El desayuno se llevar\u00e1 a cabo en una terraza entre unos vi\u00f1edos, que una vez hartos, descubrir\u00e1 in-situ: diferentes variedades, suelos y caracter\u00edsticas, qu\u00e9 trabajos se hacen\u2026<\/p>\n<p>[\/et_pb_text][\/et_pb_column][\/et_pb_row][\/et_pb_section][et_pb_section fb_built=\u00bb1&#8243; _builder_version=\u00bb4.16&#8243; global_colors_info=\u00bb{}\u00bb][et_pb_row column_structure=\u00bb1_4,1_4,1_4,1_4&#8243; _builder_version=\u00bb4.22.1&#8243; _module_preset=\u00bbdefault\u00bb width=\u00bb100%\u00bb max_width=\u00bb80%\u00bb global_colors_info=\u00bb{}\u00bb][et_pb_column type=\u00bb1_4&#8243; _builder_version=\u00bb4.22.1&#8243; _module_preset=\u00bbdefault\u00bb global_colors_info=\u00bb{}\u00bb][et_pb_blurb title=\u00bbCualquier d\u00eda de la semana\u00bb use_icon=\u00bbon\u00bb font_icon=\u00bb&#xf073;||fa||400&#8243; icon_color=\u00bb#000000&#8243; admin_label=\u00bbhorari\u00bb _builder_version=\u00bb4.23.1&#8243; _module_preset=\u00bbdefault\u00bb header_font=\u00bbAlata|700|||||||\u00bb header_text_align=\u00bbcenter\u00bb header_font_size=\u00bb22px\u00bb body_text_align=\u00bbcenter\u00bb body_line_height=\u00bb2em\u00bb global_colors_info=\u00bb{}\u00bb]<\/p>\n<p><span style=\"color: #000000;\">Inicio a las 10 de la ma\u00f1ana.<br \/><strong>ATENCI\u00d3N!! Es necesario reservar previamente.<\/strong><br \/><\/span><\/p>\n<p>[\/et_pb_blurb][\/et_pb_column][et_pb_column type=\u00bb1_4&#8243; _builder_version=\u00bb4.22.1&#8243; _module_preset=\u00bbdefault\u00bb global_colors_info=\u00bb{}\u00bb][et_pb_blurb title=\u00bbDuraci\u00f3n\u00bb use_icon=\u00bbon\u00bb font_icon=\u00bb&#xf017;||fa||400&#8243; icon_color=\u00bb#000000&#8243; admin_label=\u00bbdurada\u00bb _builder_version=\u00bb4.23.1&#8243; _module_preset=\u00bbdefault\u00bb header_font=\u00bbAlata|700|||||||\u00bb header_text_align=\u00bbcenter\u00bb header_font_size=\u00bb22px\u00bb body_text_align=\u00bbcenter\u00bb body_line_height=\u00bb2em\u00bb global_colors_info=\u00bb{}\u00bb]<\/p>\n<p><span style=\"color: #000000;\">Aproximadamente 1,5h.<\/span><\/p>\n<p>[\/et_pb_blurb][\/et_pb_column][et_pb_column type=\u00bb1_4&#8243; _builder_version=\u00bb4.22.1&#8243; _module_preset=\u00bbdefault\u00bb global_colors_info=\u00bb{}\u00bb][et_pb_blurb title=\u00bbPrecio:\u00bb use_icon=\u00bbon\u00bb font_icon=\u00bb&#xf153;||fa||900&#8243; icon_color=\u00bb#000000&#8243; admin_label=\u00bbpreu\u00bb _builder_version=\u00bb4.26.0&#8243; _module_preset=\u00bbdefault\u00bb header_font=\u00bbAlata|700|||||||\u00bb header_text_align=\u00bbcenter\u00bb header_font_size=\u00bb22px\u00bb body_text_align=\u00bbcenter\u00bb body_line_height=\u00bb2em\u00bb global_colors_info=\u00bb{}\u00bb]<\/p>\n<p><span style=\"color: #000000;\"><strong>Adultos (+18 a\u00f1os):<\/strong><\/span> <span style=\"color: #000000;\">25\u20ac\/persona<\/span><br \/><span style=\"color: #000000;\"><strong>Infantil (de 5 a 17 a\u00f1os):<\/strong> 15\u20ac\/persona<\/span><\/p>\n<p>&nbsp;<\/p>\n<p>[\/et_pb_blurb][\/et_pb_column][et_pb_column type=\u00bb1_4&#8243; _builder_version=\u00bb4.22.1&#8243; _module_preset=\u00bbdefault\u00bb global_colors_info=\u00bb{}\u00bb][et_pb_blurb title=\u00bbInformaci\u00f3n adicional\u00bb use_icon=\u00bbon\u00bb font_icon=\u00bb&#xf129;||fa||900&#8243; icon_color=\u00bb#000000&#8243; admin_label=\u00bbinfo adicional\u00bb _builder_version=\u00bb4.26.0&#8243; _module_preset=\u00bbdefault\u00bb header_font=\u00bbAlata|700|||||||\u00bb header_text_align=\u00bbcenter\u00bb header_font_size=\u00bb22px\u00bb body_text_align=\u00bbcenter\u00bb body_line_height=\u00bb2em\u00bb global_colors_info=\u00bb{}\u00bb]<\/p>\n<p><strong><span style=\"color: #000000;\">Incluye:<\/span><\/strong> <span style=\"color: #000000;\">Desayuno de pan con tomate y mesa de embutidos locales (butifarras, secallona, \u200b\u200bqueso), frutos secos y postre dulce, dos vinos y un vino de postre.<\/span><br \/> <span style=\"color: #000000;\">Visita y descubrimiento de los vi\u00f1edos<\/span><\/p>\n<p><strong><span style=\"color: #000000;\">Condiciones:<\/span><\/strong><br \/><span style=\"color: #000000;\">M\u00ednimo 4 adultos<\/span><br \/><span style=\"color: #000000;\">La actividad para ni\u00f1os no incluye vino<\/span><\/p>\n<p>[\/et_pb_blurb][\/et_pb_column][\/et_pb_row][et_pb_row _builder_version=\u00bb4.16&#8243; global_colors_info=\u00bb{}\u00bb][et_pb_column type=\u00bb4_4&#8243; _builder_version=\u00bb4.16&#8243; custom_padding=\u00bb|||\u00bb global_colors_info=\u00bb{}\u00bb custom_padding__hover=\u00bb|||\u00bb][et_pb_button button_url=\u00bbhttps:\/\/botiga.montsantnatura.cat\/reserva-activitats\/activitats-enoturistiques\/esmorzar-de-pages-entre-vinyes\/\u00bb button_text=\u00bbRESERVA AHORA\u00bb button_alignment=\u00bbcenter\u00bb _builder_version=\u00bb4.22.1&#8243; custom_button=\u00bbon\u00bb button_text_size=\u00bb24px\u00bb button_text_color=\u00bb#000000&#8243; button_bg_color=\u00bb#FFFFFF\u00bb button_border_width=\u00bb2px\u00bb button_border_color=\u00bb#000000&#8243; button_border_radius=\u00bb15px\u00bb button_font=\u00bbAlata|700|||||||\u00bb button_icon=\u00bb&#x3d;||divi||400&#8243; global_colors_info=\u00bb{}\u00bb button_border_width__hover_enabled=\u00bbon|hover\u00bb button_border_width__hover=\u00bb3px\u00bb][\/et_pb_button][\/et_pb_column][\/et_pb_row][\/et_pb_section][et_pb_section fb_built=\u00bb1&#8243; _builder_version=\u00bb4.22.1&#8243; background_enable_color=\u00bboff\u00bb global_colors_info=\u00bb{}\u00bb][et_pb_row _builder_version=\u00bb4.22.1&#8243; background_color=\u00bb#f3f3f3&#8243; background_size=\u00bbinitial\u00bb background_position=\u00bbtop_left\u00bb background_repeat=\u00bbrepeat\u00bb border_radii=\u00bboff|25px|25px||\u00bb global_colors_info=\u00bb{}\u00bb][et_pb_column type=\u00bb4_4&#8243; _builder_version=\u00bb4.16&#8243; custom_padding=\u00bb|||\u00bb global_colors_info=\u00bb{}\u00bb custom_padding__hover=\u00bb|||\u00bb][et_pb_text _builder_version=\u00bb4.22.1&#8243; header_3_font=\u00bbAlata|700|||||||\u00bb header_3_text_color=\u00bb#000000&#8243; header_3_font_size=\u00bb26px\u00bb background_size=\u00bbinitial\u00bb background_position=\u00bbtop_left\u00bb background_repeat=\u00bbrepeat\u00bb global_colors_info=\u00bb{}\u00bb]<\/p>\n<h3 style=\"text-align: center;\">\u00bfTienes alguna duda? Cont\u00e1ctanos!<\/h3>\n<p>[\/et_pb_text][\/et_pb_column][\/et_pb_row][et_pb_row column_structure=\u00bb1_3,1_3,1_3&#8243; _builder_version=\u00bb4.22.1&#8243; background_color=\u00bb#f3f3f3&#8243; background_size=\u00bbinitial\u00bb background_position=\u00bbtop_left\u00bb background_repeat=\u00bbrepeat\u00bb border_radii=\u00bboff|||25px|25px\u00bb global_colors_info=\u00bb{}\u00bb][et_pb_column type=\u00bb1_3&#8243; _builder_version=\u00bb4.16&#8243; custom_padding=\u00bb|||\u00bb global_colors_info=\u00bb{}\u00bb custom_padding__hover=\u00bb|||\u00bb][et_pb_blurb title=\u00bbactivitats@montsantnatura.cat\u00bb use_icon=\u00bbon\u00bb font_icon=\u00bb&#xf0e0;||fa||400&#8243; icon_color=\u00bb#000000&#8243; image_icon_width=\u00bb75px\u00bb _builder_version=\u00bb4.22.1&#8243; _module_preset=\u00bbdefault\u00bb header_font=\u00bbAlata|700|||||||\u00bb header_text_align=\u00bbcenter\u00bb header_font_size=\u00bb20px\u00bb body_text_align=\u00bbcenter\u00bb body_line_height=\u00bb2em\u00bb link_option_url=\u00bbmailto:activitats@montsantnatura.cat\u00bb global_colors_info=\u00bb{}\u00bb][\/et_pb_blurb][\/et_pb_column][et_pb_column type=\u00bb1_3&#8243; _builder_version=\u00bb4.16&#8243; custom_padding=\u00bb|||\u00bb global_colors_info=\u00bb{}\u00bb custom_padding__hover=\u00bb|||\u00bb][et_pb_blurb title=\u00bb977 82 13 13&#8243; use_icon=\u00bbon\u00bb font_icon=\u00bb&#xf879;||fa||900&#8243; icon_color=\u00bb#000000&#8243; image_icon_width=\u00bb75px\u00bb _builder_version=\u00bb4.22.1&#8243; _module_preset=\u00bbdefault\u00bb header_font=\u00bbAlata|700|||||||\u00bb header_text_align=\u00bbcenter\u00bb header_font_size=\u00bb20px\u00bb body_text_align=\u00bbcenter\u00bb body_line_height=\u00bb2em\u00bb link_option_url=\u00bbtel:0034977821313&#8243; global_colors_info=\u00bb{}\u00bb][\/et_pb_blurb][\/et_pb_column][et_pb_column type=\u00bb1_3&#8243; _builder_version=\u00bb4.16&#8243; custom_padding=\u00bb|||\u00bb global_colors_info=\u00bb{}\u00bb custom_padding__hover=\u00bb|||\u00bb][et_pb_blurb title=\u00bb+34 640 77 85 03&#8243; use_icon=\u00bbon\u00bb font_icon=\u00bb&#xf232;||fa||400&#8243; icon_color=\u00bb#000000&#8243; image_icon_width=\u00bb75px\u00bb _builder_version=\u00bb4.22.1&#8243; _module_preset=\u00bbdefault\u00bb header_font=\u00bbAlata|700|||||||\u00bb header_text_align=\u00bbcenter\u00bb header_font_size=\u00bb20px\u00bb body_text_align=\u00bbcenter\u00bb body_line_height=\u00bb2em\u00bb link_option_url=\u00bbhttps:\/\/wa.me\/34640778503&#8243; link_option_url_new_window=\u00bbon\u00bb global_colors_info=\u00bb{}\u00bb][\/et_pb_blurb][\/et_pb_column][\/et_pb_row][\/et_pb_section]<\/p>\n","protected":false},"excerpt":{"rendered":"<p>\u00a1Desayuno con vistas al Montsant es todo un lujo, pero si adem\u00e1s, es un desayuno con vistas y entre vi\u00f1edos, es a\u00fan mejor! Durante cualquier d\u00eda de la semana podr\u00e1 disfrutar de un desayuno de pay\u00e9s con productos de proximidad y km 0 acompa\u00f1ados de diferentes vinos de la Bodega Cooperativa de Cornudella, una bodega [&hellip;]<\/p>\n","protected":false},"author":1,"featured_media":0,"parent":3331,"menu_order":0,"comment_status":"closed","ping_status":"closed","template":"","meta":{"_acf_changed":false,"_et_pb_use_builder":"on","_et_pb_old_content":"","_et_gb_content_width":"","footnotes":""},"class_list":["post-3337","page","type-page","status-publish","hentry"],"acf":[],"_links":{"self":[{"href":"https:\/\/cellercornudella.cat\/es\/wp-json\/wp\/v2\/pages\/3337","targetHints":{"allow":["GET"]}}],"collection":[{"href":"https:\/\/cellercornudella.cat\/es\/wp-json\/wp\/v2\/pages"}],"about":[{"href":"https:\/\/cellercornudella.cat\/es\/wp-json\/wp\/v2\/types\/page"}],"author":[{"embeddable":true,"href":"https:\/\/cellercornudella.cat\/es\/wp-json\/wp\/v2\/users\/1"}],"replies":[{"embeddable":true,"href":"https:\/\/cellercornudella.cat\/es\/wp-json\/wp\/v2\/comments?post=3337"}],"version-history":[{"count":0,"href":"https:\/\/cellercornudella.cat\/es\/wp-json\/wp\/v2\/pages\/3337\/revisions"}],"up":[{"embeddable":true,"href":"https:\/\/cellercornudella.cat\/es\/wp-json\/wp\/v2\/pages\/3331"}],"wp:attachment":[{"href":"https:\/\/cellercornudella.cat\/es\/wp-json\/wp\/v2\/media?parent=3337"}],"curies":[{"name":"wp","href":"https:\/\/api.w.org\/{rel}","templated":true}]}}