{"id":3355,"date":"2025-12-26T10:06:02","date_gmt":"2025-12-26T08:06:02","guid":{"rendered":"https:\/\/cellercornudella.cat\/enoturismo\/cata-de-modernismo\/"},"modified":"2025-12-26T13:14:34","modified_gmt":"2025-12-26T11:14:34","slug":"cata-de-modernismo","status":"publish","type":"page","link":"https:\/\/cellercornudella.cat\/es\/enoturismo\/cata-de-modernismo\/","title":{"rendered":"Cata de Modernismo"},"content":{"rendered":"<p>[et_pb_section fb_built=\u00bb1&#8243; _builder_version=\u00bb4.16&#8243; custom_padding=\u00bb60px|||||\u00bb global_colors_info=\u00bb{}\u00bb][et_pb_row column_structure=\u00bb1_2,1_2&#8243; _builder_version=\u00bb4.22.1&#8243; _module_preset=\u00bbdefault\u00bb width=\u00bb100%\u00bb max_width=\u00bb80%\u00bb global_colors_info=\u00bb{}\u00bb][et_pb_column type=\u00bb1_2&#8243; _builder_version=\u00bb4.22.1&#8243; _module_preset=\u00bbdefault\u00bb global_colors_info=\u00bb{}\u00bb][et_pb_gallery gallery_ids=\u00bb13042,13036,13039,13045&#8243; fullwidth=\u00bbon\u00bb _builder_version=\u00bb4.27.4&#8243; _module_preset=\u00bbdefault\u00bb global_colors_info=\u00bb{}\u00bb][\/et_pb_gallery][\/et_pb_column][et_pb_column type=\u00bb1_2&#8243; _builder_version=\u00bb4.22.1&#8243; _module_preset=\u00bbdefault\u00bb global_colors_info=\u00bb{}\u00bb][et_pb_post_title meta=\u00bboff\u00bb featured_image=\u00bboff\u00bb _builder_version=\u00bb4.22.1&#8243; _module_preset=\u00bbdefault\u00bb title_font=\u00bbAlata|700||on|||||\u00bb title_text_align=\u00bbleft\u00bb title_font_size=\u00bb32px\u00bb title_letter_spacing=\u00bb2px\u00bb custom_margin=\u00bb||5px||false|false\u00bb global_colors_info=\u00bb{}\u00bb][\/et_pb_post_title][et_pb_text _builder_version=\u00bb4.27.4&#8243; text_font_size=\u00bb16px\u00bb text_line_height=\u00bb2em\u00bb background_size=\u00bbinitial\u00bb background_position=\u00bbtop_left\u00bb background_repeat=\u00bbrepeat\u00bb global_colors_info=\u00bb{}\u00bb]<\/p>\n<div class=\"relative basis-auto flex-col -mb-(--composer-overlap-px) [--composer-overlap-px:28px] grow flex\">\n<div class=\"flex flex-col text-sm pb-25\">\n<article class=\"text-token-text-primary w-full focus:outline-none [--shadow-height:45px] has-data-writing-block:pointer-events-none has-data-writing-block:-mt-(--shadow-height) has-data-writing-block:pt-(--shadow-height) [&amp;:has([data-writing-block])&gt;*]:pointer-events-auto scroll-mt-[calc(var(--header-height)+min(200px,max(70px,20svh)))]\" dir=\"auto\" tabindex=\"-1\" data-turn-id=\"request-WEB:b9cacf89-159f-472f-881a-5fdb76b131dd-1\" data-testid=\"conversation-turn-4\" data-scroll-anchor=\"true\" data-turn=\"assistant\">\n<div class=\"text-base my-auto mx-auto pb-10 [--thread-content-margin:--spacing(4)] @w-sm\/main:[--thread-content-margin:--spacing(6)] @w-lg\/main:[--thread-content-margin:--spacing(16)] px-(--thread-content-margin)\">\n<div class=\"[--thread-content-max-width:40rem] @w-lg\/main:[--thread-content-max-width:48rem] mx-auto max-w-(--thread-content-max-width) flex-1 group\/turn-messages focus-visible:outline-hidden relative flex w-full min-w-0 flex-col agent-turn\" tabindex=\"-1\">\n<div class=\"flex max-w-full flex-col grow\">\n<div class=\"min-h-8 text-message relative flex w-full flex-col items-end gap-2 text-start break-words whitespace-normal [.text-message+&amp;]:mt-1\" dir=\"auto\" data-message-author-role=\"assistant\" data-message-id=\"36062bf3-9732-482d-bc25-01bea0b613e0\" data-message-model-slug=\"gpt-5-2\">\n<div class=\"flex w-full flex-col gap-1 empty:hidden first:pt-[1px]\">\n<div class=\"markdown prose dark:prose-invert w-full break-words light markdown-new-styling\">\n<p data-start=\"180\" data-end=\"577\">La Cata de Modernismo es una experiencia enotur\u00edstica que permite descubrir uno de los edificios m\u00e1s emblem\u00e1ticos del Priorat, una aut\u00e9ntica Catedral del Vino con m\u00e1s de 100 a\u00f1os de historia. La actividad se desarrolla en una bodega modernista centenaria, una joya del patrimonio industrial catal\u00e1n que combina arquitectura, cultura del vino y tradici\u00f3n. <\/p>\n<p data-start=\"579\" data-end=\"1027\">Este impresionante edificio es obra de C\u00e8sar Martinell, arquitecto vallense y disc\u00edpulo directo de Antoni Gaud\u00ed, que dej\u00f3 una impronta imborrable en la provincia de Tarragona con sus bodegas cooperativas. La bodega modernista de Cornudella de Montsant es un monumento singular que cautiva nada m\u00e1s llegar al pueblo, con una arquitectura funcional y monumental, pensada para dignificar el trabajo de la vi\u00f1a y la elaboraci\u00f3n del vino. <\/p>\n<p data-start=\"1029\" data-end=\"1564\">Durante la visita guiada, los participantes podr\u00e9is recorrer las espectaculares instalaciones centenarias y descubrir rincones sorprendentes que todav\u00eda conservan la esencia original. Se explica c\u00f3mo se produc\u00eda el vino antiguamente, qu\u00e9 t\u00e9cnicas utilizaban nuestros antepasados \u200b\u200by c\u00f3mo \u00e9stas han evolucionado hasta los actuales sistemas de elaboraci\u00f3n, control de calidad y comercializaci\u00f3n del vino. Este contraste entre pasado y presente permite entender mejor el valor hist\u00f3rico y cultural de estas Catedrales del Vino.  <\/p>\n<p data-start=\"1566\" data-end=\"1996\">La experiencia culmina con una cata de vinos, en la que se degustan tres vinos elaborados en la cooperativa, representativos del territorio y del paso del tiempo. Vinos que han ido madurando a\u00f1o tras a\u00f1o, reflejando el car\u00e1cter del Montsant, el clima, el suelo y la sabidur\u00eda acumulada durante generaciones. La cata se acompa\u00f1a de productos locales de calidad, que completan la experiencia y realzan los sabores del vino.  <\/p>\n<p data-start=\"1998\" data-end=\"2309\" data-is-last-node=\"\" data-is-only-node=\"\">La Cata de Modernismo es una propuesta perfecta para amantes del vino, de la arquitectura modernista y del enoturismo en el Priorat. Una actividad ideal para pasar una tarde diferente, llena de descubrimientos, curiosidades y emociones, en un entorno \u00fanico donde historia, vino y patrimonio se fusionan de forma excepcional.   <\/p>\n<\/div>\n<\/div>\n<\/div>\n<\/div>\n<\/div>\n<\/div>\n<\/article>\n<\/div>\n<\/div>\n<p>[\/et_pb_text][\/et_pb_column][\/et_pb_row][\/et_pb_section][et_pb_section fb_built=\u00bb1&#8243; _builder_version=\u00bb4.16&#8243; global_colors_info=\u00bb{}\u00bb][et_pb_row column_structure=\u00bb1_3,1_3,1_3&#8243; _builder_version=\u00bb4.22.1&#8243; _module_preset=\u00bbdefault\u00bb width=\u00bb100%\u00bb max_width=\u00bb80%\u00bb global_colors_info=\u00bb{}\u00bb][et_pb_column type=\u00bb1_3&#8243; _builder_version=\u00bb4.22.1&#8243; _module_preset=\u00bbdefault\u00bb global_colors_info=\u00bb{}\u00bb][et_pb_blurb title=\u00bbS\u00e1bados a las 18h\u00bb use_icon=\u00bbon\u00bb font_icon=\u00bb&#xf073;||fa||400&#8243; icon_color=\u00bb#000000&#8243; _builder_version=\u00bb4.27.4&#8243; _module_preset=\u00bbdefault\u00bb header_font=\u00bbAlata|700|||||||\u00bb header_text_align=\u00bbcenter\u00bb header_font_size=\u00bb22px\u00bb body_text_align=\u00bbcenter\u00bb body_line_height=\u00bb2em\u00bb global_colors_info=\u00bb{}\u00bb]<\/p>\n<p><span style=\"color: #000000;\">Para grupos de m\u00e1s de 10 personas, existe la opci\u00f3n de concertar visita los s\u00e1bados a las 12 h.<br \/><strong>ATENCI\u00d3N!! Es necesario reservar previamente, m\u00e1ximo a las 17 h del mismo d\u00eda.<\/strong><\/span><\/p>\n<p>[\/et_pb_blurb][\/et_pb_column][et_pb_column type=\u00bb1_3&#8243; _builder_version=\u00bb4.22.1&#8243; _module_preset=\u00bbdefault\u00bb global_colors_info=\u00bb{}\u00bb][et_pb_blurb title=\u00bbDuraci\u00f3n\u00bb use_icon=\u00bbon\u00bb font_icon=\u00bb&#xf017;||fa||400&#8243; icon_color=\u00bb#000000&#8243; _builder_version=\u00bb4.27.4&#8243; _module_preset=\u00bbdefault\u00bb header_font=\u00bbAlata|700|||||||\u00bb header_text_align=\u00bbcenter\u00bb header_font_size=\u00bb22px\u00bb body_text_align=\u00bbcenter\u00bb body_line_height=\u00bb2em\u00bb global_colors_info=\u00bb{}\u00bb]<\/p>\n<p><span style=\"color: #000000;\">Aproximadamente 1:15 h.<\/span><\/p>\n<p>[\/et_pb_blurb][\/et_pb_column][et_pb_column type=\u00bb1_3&#8243; _builder_version=\u00bb4.22.1&#8243; _module_preset=\u00bbdefault\u00bb global_colors_info=\u00bb{}\u00bb][et_pb_blurb title=\u00bbPrecio\u00bb use_icon=\u00bbon\u00bb font_icon=\u00bb&#xf153;||fa||900&#8243; icon_color=\u00bb#000000&#8243; _builder_version=\u00bb4.27.4&#8243; _module_preset=\u00bbdefault\u00bb header_font=\u00bbAlata|700|||||||\u00bb header_text_align=\u00bbcenter\u00bb header_font_size=\u00bb22px\u00bb body_text_align=\u00bbcenter\u00bb body_line_height=\u00bb2em\u00bb global_colors_info=\u00bb{}\u00bb]<\/p>\n<p><span style=\"color: #000000;\"><strong>Adultos<\/strong> (+18 a\u00f1os): <strong>15\u20ac<br \/> Infantil<\/strong> (de 5 a 17 a\u00f1os): <strong>7\u20ac<\/strong> No incluye vino<\/span><\/p>\n<p>[\/et_pb_blurb][\/et_pb_column][\/et_pb_row][et_pb_row _builder_version=\u00bb4.16&#8243; global_colors_info=\u00bb{}\u00bb][et_pb_column type=\u00bb4_4&#8243; _builder_version=\u00bb4.16&#8243; custom_padding=\u00bb|||\u00bb global_colors_info=\u00bb{}\u00bb custom_padding__hover=\u00bb|||\u00bb][et_pb_button button_url=\u00bbhttps:\/\/tickets.montsantnatura.cat\/reserva-activitats\/activitats-enoturistiques\/tastmodernisme\/\u00bb button_text=\u00bbRESERVA AHORA\u00bb button_alignment=\u00bbcenter\u00bb _builder_version=\u00bb4.22.1&#8243; custom_button=\u00bbon\u00bb button_text_size=\u00bb24px\u00bb button_text_color=\u00bb#000000&#8243; button_bg_color=\u00bb#FFFFFF\u00bb button_border_width=\u00bb2px\u00bb button_border_color=\u00bb#000000&#8243; button_border_radius=\u00bb15px\u00bb button_font=\u00bbAlata|700|||||||\u00bb button_icon=\u00bb&#x3d;||divi||400&#8243; global_colors_info=\u00bb{}\u00bb button_border_width__hover_enabled=\u00bbon|hover\u00bb button_border_width__hover=\u00bb3px\u00bb][\/et_pb_button][\/et_pb_column][\/et_pb_row][\/et_pb_section][et_pb_section fb_built=\u00bb1&#8243; _builder_version=\u00bb4.22.1&#8243; background_enable_color=\u00bboff\u00bb global_colors_info=\u00bb{}\u00bb][et_pb_row _builder_version=\u00bb4.22.1&#8243; background_color=\u00bb#f3f3f3&#8243; background_size=\u00bbinitial\u00bb background_position=\u00bbtop_left\u00bb background_repeat=\u00bbrepeat\u00bb border_radii=\u00bboff|25px|25px||\u00bb global_colors_info=\u00bb{}\u00bb][et_pb_column type=\u00bb4_4&#8243; _builder_version=\u00bb4.16&#8243; custom_padding=\u00bb|||\u00bb global_colors_info=\u00bb{}\u00bb custom_padding__hover=\u00bb|||\u00bb][et_pb_text _builder_version=\u00bb4.22.1&#8243; header_3_font=\u00bbAlata|700|||||||\u00bb header_3_text_color=\u00bb#000000&#8243; header_3_font_size=\u00bb26px\u00bb background_size=\u00bbinitial\u00bb background_position=\u00bbtop_left\u00bb background_repeat=\u00bbrepeat\u00bb global_colors_info=\u00bb{}\u00bb]<\/p>\n<h3 style=\"text-align: center;\">\u00bfTienes alguna duda? Cont\u00e1ctanos!<\/h3>\n<p>[\/et_pb_text][\/et_pb_column][\/et_pb_row][et_pb_row column_structure=\u00bb1_3,1_3,1_3&#8243; _builder_version=\u00bb4.22.1&#8243; background_color=\u00bb#f3f3f3&#8243; background_size=\u00bbinitial\u00bb background_position=\u00bbtop_left\u00bb background_repeat=\u00bbrepeat\u00bb border_radii=\u00bboff|||25px|25px\u00bb global_colors_info=\u00bb{}\u00bb][et_pb_column type=\u00bb1_3&#8243; _builder_version=\u00bb4.16&#8243; custom_padding=\u00bb|||\u00bb global_colors_info=\u00bb{}\u00bb custom_padding__hover=\u00bb|||\u00bb][et_pb_blurb title=\u00bbactivitats@montsantnatura.cat\u00bb use_icon=\u00bbon\u00bb font_icon=\u00bb&#xf0e0;||fa||400&#8243; icon_color=\u00bb#000000&#8243; image_icon_width=\u00bb75px\u00bb _builder_version=\u00bb4.22.1&#8243; _module_preset=\u00bbdefault\u00bb header_font=\u00bbAlata|700|||||||\u00bb header_text_align=\u00bbcenter\u00bb header_font_size=\u00bb20px\u00bb body_text_align=\u00bbcenter\u00bb body_line_height=\u00bb2em\u00bb link_option_url=\u00bbmailto:activitats@montsantnatura.cat\u00bb global_colors_info=\u00bb{}\u00bb][\/et_pb_blurb][\/et_pb_column][et_pb_column type=\u00bb1_3&#8243; _builder_version=\u00bb4.16&#8243; custom_padding=\u00bb|||\u00bb global_colors_info=\u00bb{}\u00bb custom_padding__hover=\u00bb|||\u00bb][et_pb_blurb title=\u00bb977 82 13 13&#8243; use_icon=\u00bbon\u00bb font_icon=\u00bb&#xf879;||fa||900&#8243; icon_color=\u00bb#000000&#8243; image_icon_width=\u00bb75px\u00bb _builder_version=\u00bb4.22.1&#8243; _module_preset=\u00bbdefault\u00bb header_font=\u00bbAlata|700|||||||\u00bb header_text_align=\u00bbcenter\u00bb header_font_size=\u00bb20px\u00bb body_text_align=\u00bbcenter\u00bb body_line_height=\u00bb2em\u00bb link_option_url=\u00bbtel:0034977821313&#8243; global_colors_info=\u00bb{}\u00bb][\/et_pb_blurb][\/et_pb_column][et_pb_column type=\u00bb1_3&#8243; _builder_version=\u00bb4.16&#8243; custom_padding=\u00bb|||\u00bb global_colors_info=\u00bb{}\u00bb custom_padding__hover=\u00bb|||\u00bb][et_pb_blurb title=\u00bbWhatsApp\u00bb use_icon=\u00bbon\u00bb font_icon=\u00bb&#xf232;||fa||400&#8243; icon_color=\u00bb#000000&#8243; image_icon_width=\u00bb75px\u00bb _builder_version=\u00bb4.27.4&#8243; _module_preset=\u00bbdefault\u00bb header_font=\u00bbAlata|700|||||||\u00bb header_text_align=\u00bbcenter\u00bb header_font_size=\u00bb20px\u00bb body_text_align=\u00bbcenter\u00bb body_line_height=\u00bb2em\u00bb link_option_url=\u00bbhttps:\/\/wa.me\/34676152382&#8243; link_option_url_new_window=\u00bbon\u00bb global_colors_info=\u00bb{}\u00bb][\/et_pb_blurb][\/et_pb_column][\/et_pb_row][\/et_pb_section]<\/p>\n","protected":false},"excerpt":{"rendered":"<p>La Cata de Modernismo es una experiencia enotur\u00edstica que permite descubrir uno de los edificios m\u00e1s emblem\u00e1ticos del Priorat, una aut\u00e9ntica Catedral del Vino con m\u00e1s de 100 a\u00f1os de historia. La actividad se desarrolla en una bodega modernista centenaria, una joya del patrimonio industrial catal\u00e1n que combina arquitectura, cultura del vino y tradici\u00f3n. Este [&hellip;]<\/p>\n","protected":false},"author":1,"featured_media":0,"parent":3331,"menu_order":0,"comment_status":"closed","ping_status":"closed","template":"","meta":{"_acf_changed":false,"_et_pb_use_builder":"on","_et_pb_old_content":"","_et_gb_content_width":"","footnotes":""},"class_list":["post-3355","page","type-page","status-publish","hentry"],"acf":[],"_links":{"self":[{"href":"https:\/\/cellercornudella.cat\/es\/wp-json\/wp\/v2\/pages\/3355","targetHints":{"allow":["GET"]}}],"collection":[{"href":"https:\/\/cellercornudella.cat\/es\/wp-json\/wp\/v2\/pages"}],"about":[{"href":"https:\/\/cellercornudella.cat\/es\/wp-json\/wp\/v2\/types\/page"}],"author":[{"embeddable":true,"href":"https:\/\/cellercornudella.cat\/es\/wp-json\/wp\/v2\/users\/1"}],"replies":[{"embeddable":true,"href":"https:\/\/cellercornudella.cat\/es\/wp-json\/wp\/v2\/comments?post=3355"}],"version-history":[{"count":6,"href":"https:\/\/cellercornudella.cat\/es\/wp-json\/wp\/v2\/pages\/3355\/revisions"}],"predecessor-version":[{"id":13056,"href":"https:\/\/cellercornudella.cat\/es\/wp-json\/wp\/v2\/pages\/3355\/revisions\/13056"}],"up":[{"embeddable":true,"href":"https:\/\/cellercornudella.cat\/es\/wp-json\/wp\/v2\/pages\/3331"}],"wp:attachment":[{"href":"https:\/\/cellercornudella.cat\/es\/wp-json\/wp\/v2\/media?parent=3355"}],"curies":[{"name":"wp","href":"https:\/\/api.w.org\/{rel}","templated":true}]}}