{"id":3904,"date":"2023-10-23T15:52:05","date_gmt":"2023-10-23T13:52:05","guid":{"rendered":"https:\/\/cellercornudella.cat\/vinos\/vermut\/"},"modified":"2024-09-04T22:18:31","modified_gmt":"2024-09-04T20:18:31","slug":"vermut","status":"publish","type":"page","link":"https:\/\/cellercornudella.cat\/es\/vinos\/vermut\/","title":{"rendered":"Vermut"},"content":{"rendered":"<p>[et_pb_section fb_built=\u00bb1&#8243; specialty=\u00bbon\u00bb _builder_version=\u00bb4.22.1&#8243; _module_preset=\u00bbdefault\u00bb width=\u00bb100%\u00bb max_width=\u00bb100%\u00bb module_alignment=\u00bbcenter\u00bb inner_width=\u00bb100%\u00bb inner_max_width=\u00bb80%\u00bb global_colors_info=\u00bb{}\u00bb][et_pb_column type=\u00bb1_2&#8243; _builder_version=\u00bb4.16&#8243; custom_padding=\u00bb|||\u00bb global_colors_info=\u00bb{}\u00bb custom_padding__hover=\u00bb|||\u00bb][et_pb_image src=\u00bbhttps:\/\/cellercornudella.cat\/wp-content\/uploads\/2024\/08\/el-vermut-de-la-cooperativa-jpg.avif\u00bb title_text=\u00bbel-vermut-de-la-cooperativa\u00bb align=\u00bbcenter\u00bb _builder_version=\u00bb4.27.0&#8243; _module_preset=\u00bbdefault\u00bb width=\u00bb100%\u00bb max_height=\u00bb700px\u00bb global_colors_info=\u00bb{}\u00bb][\/et_pb_image][\/et_pb_column][et_pb_column type=\u00bb1_2&#8243; specialty_columns=\u00bb2&#8243; _builder_version=\u00bb4.16&#8243; custom_padding=\u00bb|||\u00bb global_colors_info=\u00bb{}\u00bb custom_padding__hover=\u00bb|||\u00bb][et_pb_row_inner _builder_version=\u00bb4.22.1&#8243; _module_preset=\u00bbdefault\u00bb global_colors_info=\u00bb{}\u00bb][et_pb_column_inner saved_specialty_column_type=\u00bb1_2&#8243; _builder_version=\u00bb4.22.1&#8243; _module_preset=\u00bbdefault\u00bb global_colors_info=\u00bb{}\u00bb][et_pb_post_title meta=\u00bboff\u00bb featured_image=\u00bboff\u00bb _builder_version=\u00bb4.22.1&#8243; _module_preset=\u00bbdefault\u00bb title_font=\u00bbAlata|700||on|||||\u00bb title_text_align=\u00bbleft\u00bb title_font_size=\u00bb32px\u00bb title_letter_spacing=\u00bb2px\u00bb custom_margin=\u00bb||5px||false|false\u00bb global_colors_info=\u00bb{}\u00bb][\/et_pb_post_title][\/et_pb_column_inner][\/et_pb_row_inner][et_pb_row_inner _builder_version=\u00bb4.22.1&#8243; _module_preset=\u00bbdefault\u00bb custom_padding=\u00bb0px||42px||false|false\u00bb global_colors_info=\u00bb{}\u00bb][et_pb_column_inner saved_specialty_column_type=\u00bb1_2&#8243; _builder_version=\u00bb4.22.1&#8243; _module_preset=\u00bbdefault\u00bb global_colors_info=\u00bb{}\u00bb][et_pb_text _builder_version=\u00bb4.27.0&#8243; _module_preset=\u00bbdefault\u00bb text_text_color=\u00bb#000000&#8243; header_3_font=\u00bbAlata|700|||||||\u00bb header_3_line_height=\u00bb-2.4em\u00bb hover_enabled=\u00bb0&#8243; global_colors_info=\u00bb{}\u00bb sticky_enabled=\u00bb0&#8243;]<\/p>\n<p>Vermut elaborado con vino blanco del Montsant y mistela tinta hecha del <span class=\"hiddenSpellError\">sangrado<\/span> de los vinos de garnacha de la cooperativa, que aporta los az\u00facares naturales.<\/p>\n<p>Veinte especies naturales que se aportan en forma de concentrado, y una peque\u00f1a parte de caramelo que hace de nexo de uni\u00f3n de todos los ingredientes, f\u00f3rmula centenaria que la cooperativa mantiene desde el inicio.<\/p>\n<p>[\/et_pb_text][\/et_pb_column_inner][\/et_pb_row_inner][et_pb_row_inner _builder_version=\u00bb4.22.1&#8243; _module_preset=\u00bbdefault\u00bb custom_padding=\u00bb0px|||||\u00bb global_colors_info=\u00bb{}\u00bb][et_pb_column_inner saved_specialty_column_type=\u00bb1_2&#8243; _builder_version=\u00bb4.22.1&#8243; _module_preset=\u00bbdefault\u00bb global_colors_info=\u00bb{}\u00bb][et_pb_text _builder_version=\u00bb4.27.0&#8243; _module_preset=\u00bbdefault\u00bb text_text_color=\u00bb#000000&#8243; header_3_font=\u00bbAlata|700|||||||\u00bb header_3_line_height=\u00bb-2.4em\u00bb hover_enabled=\u00bb0&#8243; global_colors_info=\u00bb{}\u00bb sticky_enabled=\u00bb0&#8243;]<\/p>\n<h3>Nota de cata<\/h3>\n<hr>\n<p><strong>Vista:<\/strong> brilante, colores dorados y l\u00e1grima densa.<\/p>\n<p><strong>Boca:<\/strong> envolvente, sensaci\u00f3n de dulzura pero equilibrado con la amargura de las hierbas, notas de Poniol y generosa Genciana.<\/p>\n<p>[\/et_pb_text][et_pb_button button_url=\u00bbhttps:\/\/cellercornudella.cat\/es\/producte\/castillo-siurana-seleccio-2019-lote-11-22\/\u00bb button_text=\u00bbCOMPRAR EN LA TIENDA\u00bb button_alignment=\u00bbcenter\u00bb _builder_version=\u00bb4.22.2&#8243; custom_button=\u00bbon\u00bb button_text_size=\u00bb24px\u00bb button_text_color=\u00bb#000000&#8243; button_bg_color=\u00bb#FFFFFF\u00bb button_border_width=\u00bb2px\u00bb button_border_color=\u00bb#000000&#8243; button_border_radius=\u00bb15px\u00bb button_font=\u00bbAlata|700|||||||\u00bb button_icon=\u00bb&#x3d;||divi||400&#8243; global_colors_info=\u00bb{}\u00bb button_border_width__hover_enabled=\u00bbon|hover\u00bb button_border_width__hover=\u00bb3px\u00bb][\/et_pb_button][\/et_pb_column_inner][\/et_pb_row_inner][\/et_pb_column][\/et_pb_section]<\/p>\n","protected":false},"excerpt":{"rendered":"<p>Vermut elaborado con vino blanco del Montsant y mistela tinta hecha del sangrado de los vinos de garnacha de la cooperativa, que aporta los az\u00facares naturales. Veinte especies naturales que se aportan en forma de concentrado, y una peque\u00f1a parte de caramelo que hace de nexo de uni\u00f3n de todos los ingredientes, f\u00f3rmula centenaria que [&hellip;]<\/p>\n","protected":false},"author":18,"featured_media":0,"parent":3294,"menu_order":30,"comment_status":"closed","ping_status":"closed","template":"","meta":{"_acf_changed":false,"_et_pb_use_builder":"on","_et_pb_old_content":"","_et_gb_content_width":"","footnotes":""},"class_list":["post-3904","page","type-page","status-publish","hentry"],"acf":[],"_links":{"self":[{"href":"https:\/\/cellercornudella.cat\/es\/wp-json\/wp\/v2\/pages\/3904","targetHints":{"allow":["GET"]}}],"collection":[{"href":"https:\/\/cellercornudella.cat\/es\/wp-json\/wp\/v2\/pages"}],"about":[{"href":"https:\/\/cellercornudella.cat\/es\/wp-json\/wp\/v2\/types\/page"}],"author":[{"embeddable":true,"href":"https:\/\/cellercornudella.cat\/es\/wp-json\/wp\/v2\/users\/18"}],"replies":[{"embeddable":true,"href":"https:\/\/cellercornudella.cat\/es\/wp-json\/wp\/v2\/comments?post=3904"}],"version-history":[{"count":0,"href":"https:\/\/cellercornudella.cat\/es\/wp-json\/wp\/v2\/pages\/3904\/revisions"}],"up":[{"embeddable":true,"href":"https:\/\/cellercornudella.cat\/es\/wp-json\/wp\/v2\/pages\/3294"}],"wp:attachment":[{"href":"https:\/\/cellercornudella.cat\/es\/wp-json\/wp\/v2\/media?parent=3904"}],"curies":[{"name":"wp","href":"https:\/\/api.w.org\/{rel}","templated":true}]}}